{"id":4384,"date":"2018-02-04T00:12:27","date_gmt":"2018-02-03T22:12:27","guid":{"rendered":"http:\/\/www.varkim.com.tr\/?page_id=4384"},"modified":"2019-08-24T11:44:09","modified_gmt":"2019-08-24T08:44:09","slug":"hizmetlerimiz","status":"publish","type":"page","link":"https:\/\/www.varkim.com.tr\/?page_id=4384","title":{"rendered":"Hizmetlerimiz"},"content":{"rendered":"<p style=\"text-align: left;\"><a href=\"http:\/\/www.varkim.com.tr\/wp-content\/uploads\/2018\/02\/distgif.gif\"><img loading=\"lazy\" class=\"lazyload alignleft size-full wp-image-5090\" alt=\"distgif\" data-original=\"http:\/\/www.varkim.com.tr\/wp-content\/uploads\/2018\/02\/distgif.gif\" width=\"142\" height=\"92\" \/><\/a>Firmam\u0131z<i><b> VARK\u0130M End\u00fcstri Yap\u0131 Kimyasallar\u0131 \u0130n\u015faat Sanayi ve Ticaret Limited \u015eirketi<\/b>\u00a0olarak kimyasal maddelerin \u00fcretiminde Avrupa devlerinden biri\u00a0<\/i><i>olan <b>Kurt\u00a0<\/b><\/i><i><b>Obermeier GmbH &amp;Co.KG<\/b> firmas\u0131n\u0131n T\u00fcrkiye Distrib\u00fct\u00f6rl\u00fc\u011f\u00fcn\u00fc yapmaktad\u0131r. VARK\u0130M kurucusu olan Sn. Hakk\u0131\u00a0<\/i><i>VAR, <b>Kurt Obermeier GmbH &amp;Co. KG <\/b>firmas\u0131n da 20 y\u0131l sat\u0131\u015f ve kimyasallar \u00fczerine bilirki\u015fi olarak \u00e7al\u0131\u015fm\u0131\u015f olup, emprenye \u00fcretimi yapan sekt\u00f6rden ald\u0131\u011f\u0131 bilgi ve deneyimlerini siz de\u011ferli m\u00fc\u015fterilerimize sunmak ve sizlere daha iyi hizmet vermek i\u00e7in 2011 tarihinden itibaren VARK\u0130M faaliyetlerine ba\u015flam\u0131\u015ft\u0131r. Firmam\u0131z\u0131n portf\u00f6y\u00fcnde<b> SU YALITIM \u00dcR\u00dcNLER\u0130(Asit ve Tuzlu Deniz suyu yal\u0131t\u0131m\u0131), END\u00dcSTR\u0130 K\u0130MYASALLARI, YAPI K\u0130MYASALLARI, DALDIRMA EMPRENYE \u00dcR\u00dcNLER\u0130,VAKUM BASIN\u00c7 EMPRENYE \u00dcR\u00dcNLER\u0130 , AH\u015eAP BOYALARI, END\u00dcSTR\u0130 BOYALARI <\/b>ve bir\u00e7ok sekt\u00f6re hitap eden kimyasalar \u00fcr\u00fcnlerimiz<b>\u00a0<\/b>bulunmaktad\u0131r.<\/i><\/p>\n<p><b><i>Misyonumuz: <\/i><\/b><i>Sekt\u00f6r\u00fcm\u00fczdeki yeniliklerin takip\u00e7isi olarak, kalitemizden \u00f6d\u00fcn vermeden, en yeni \u00fcr\u00fcnleri en k\u0131sa zamanda sekt\u00f6r\u00fc bilgilendirmek ve yurt i\u00e7i pazar\u0131nda dan\u0131\u015fmanl\u0131k hizmetlerimizle ve m\u00fc\u015fteri memnuniyeti olu\u015fturmak.<\/i><\/p>\n<p><i><\/i><b><i>Vizyonumuz: <\/i><\/b><i>G\u00fcvenilirlik ve kalite ilkelerinden vazge\u00e7meden, m\u00fc\u015fteri memnuniyeti ve ihtiya\u00e7lar\u0131n\u0131 esas alarak, kendi do\u011frular\u0131m\u0131z \u00e7er\u00e7evesinde sekt\u00f6r\u00fcm\u00fczde aranan bir marka olarak kalmak ve yenilik\u00e7i ruhumuzla istikrar i\u00e7inde b\u00fcy\u00fcyen bir \u015firket olarak uluslararas\u0131 pazardaki yerimizi g\u00fc\u00e7lendirmek ve uzun vadede kal\u0131c\u0131 olmas\u0131n\u0131 sa\u011flamak.<\/i><\/p>\n<p style=\"text-align: left;\"><i><\/i><b><i>De\u011ferlerimiz:<\/i><\/b><\/p>\n<p><i><img loading=\"lazy\" class=\"lazyload size-medium wp-image-2573 alignright\" style=\"font-style: normal;\" alt=\"Fotolia_20569370_Subscription_Monthly_XXL\" data-original=\"http:\/\/www.varkim.com.tr\/wp-content\/uploads\/2011\/12\/Fotolia_20569370_Subscription_Monthly_XXL1-300x144.jpg\" width=\"300\" height=\"144\" srcset=\"https:\/\/www.varkim.com.tr\/wp-content\/uploads\/2011\/12\/Fotolia_20569370_Subscription_Monthly_XXL1-300x144.jpg 300w, https:\/\/www.varkim.com.tr\/wp-content\/uploads\/2011\/12\/Fotolia_20569370_Subscription_Monthly_XXL1.jpg 1000w\" sizes=\"(max-width: 300px) 100vw, 300px\" \/><\/i><\/p>\n<ul>\n<li><i>M\u00fc\u015fteri memnuniyeti<\/i><\/li>\n<li><i>Kalite odakl\u0131l\u0131k<\/i><\/li>\n<li><i>G\u00fcvenilirlik<\/i><\/li>\n<li><i>Teknolojiyi takip ve Yenilik\u00e7ilik<\/i><\/li>\n<li><i>\u00dcst\u00fcn i\u015f ahlak\u0131<\/i><\/li>\n<li><i>Alman \u00e7al\u0131\u015fma ilkeleri<\/i><\/li>\n<li><i>Tak\u0131m \u00e7al\u0131\u015fmas\u0131<\/i><\/li>\n<li><i>Y\u00fcksek hizmet kalitesi<\/i><\/li>\n<li><i>Etik de\u011ferlere uyum<\/i><\/li>\n<li><i>M\u00fckemmeli hedefleyen anlay\u0131\u015f\u0131m\u0131z<\/i><\/li>\n<\/ul>\n<p><strong><i>\u00a0\u00a0\u00a0 \u00dcR\u00dcNLER\u0130M\u0130Z:<\/i><\/strong><\/p>\n<ul>\n<li>EMPRENYE \u00dcR\u00dcNLER\u0130<\/li>\n<li>END\u00dcSTR\u0130 BOYALARI<\/li>\n<li><i>YAPI YALITIM K\u0130MYASALLARI<\/i><i> <\/i><i>(Solvent ve Su Bazl\u0131)<\/i><i><\/i><\/li>\n<li><i>SOLVENT BAZLI AH\u015eAP BOYALAR<\/i><i> (<\/i><i>Yar\u0131 \u015eeffaf Boyalar, D\u0131\u015f Cephe Astarlar\u0131, \u00c7it Boyalar\u0131)<\/i><i><\/i><\/li>\n<li><i>SU BAZLI AH\u015eAP BOYALAR<\/i> <i>(\u00d6rt\u00fcc\u00fc Boyalar, Yar\u0131 \u015eeffaf Boyalar, D\u0131\u015f Cephe Astarlar, Tik Ya\u011flar\u0131)<\/i><\/li>\n<li><i>END\u00dcSTR\u0130 BOYALARI<\/i> (<i>Astarlar, Ara Mamul \u00dcr\u00fcnler, Son Kat Uygulama \u00dcr\u00fcnleri, Special \u00dcr\u00fcnler)<\/i><\/li>\n<\/ul>\n<p><i>Bundan b\u00f6yle dostlu\u011fumuzun devam\u0131n\u0131 ve bizimle yapaca\u011f\u0131n\u0131z i\u015fbirli\u011finin ne denli do\u011fru ve yararl\u0131 bir karar oldu\u011funu sizlere g\u00f6stermeye kararl\u0131y\u0131z.<\/i><\/p>\n<p><i> Hep birlikte sa\u011fl\u0131kl\u0131 ve bol kazan\u00e7l\u0131 g\u00fcnleri payla\u015fmak dileklerimizle&#8230;<\/i><\/p>\n<p><i>\u00a0<\/i><b><i>Sayg\u0131lar\u0131m\u0131zla&#8230;<\/i><\/b><\/p>\n<p><a href=\"http:\/\/www.varkim.com.tr\/wp-content\/uploads\/revslider\/service_slider4\/slide-2.jpg\"><img loading=\"lazy\" class=\"lazyload alignnone size-large wp-image-3886\" alt=\"slide-2.jpg\" data-original=\"http:\/\/www.varkim.com.tr\/wp-content\/uploads\/revslider\/service_slider4\/slide-2-1030x377.jpg\" width=\"1000\" height=\"366\" srcset=\"https:\/\/www.varkim.com.tr\/wp-content\/uploads\/revslider\/service_slider4\/slide-2-1030x377.jpg 1030w, https:\/\/www.varkim.com.tr\/wp-content\/uploads\/revslider\/service_slider4\/slide-2-300x110.jpg 300w, https:\/\/www.varkim.com.tr\/wp-content\/uploads\/revslider\/service_slider4\/slide-2.jpg 1110w\" sizes=\"(max-width: 1000px) 100vw, 1000px\" \/><\/a><\/p>\n","protected":false},"excerpt":{"rendered":"<p>Firmam\u0131z VARK\u0130M End\u00fcstri Yap\u0131 Kimyasallar\u0131 \u0130n\u015faat Sanayi ve Ticaret Limited \u015eirketi\u00a0olarak kimyasal maddelerin \u00fcretiminde Avrupa devlerinden biri\u00a0olan Kurt\u00a0Obermeier GmbH &amp;Co.KG firmas\u0131n\u0131n T\u00fcrkiye Distrib\u00fct\u00f6rl\u00fc\u011f\u00fcn\u00fc yapmaktad\u0131r. VARK\u0130M&hellip;<\/p>\n<p><a href=\"https:\/\/www.varkim.com.tr\/?page_id=4384\" class=\"more-link post-excerpt-readmore\">Devam\u0131n\u0131 oku<\/a><\/p>\n","protected":false},"author":1,"featured_media":0,"parent":0,"menu_order":0,"comment_status":"open","ping_status":"open","template":"","meta":[],"_links":{"self":[{"href":"https:\/\/www.varkim.com.tr\/index.php?rest_route=\/wp\/v2\/pages\/4384"}],"collection":[{"href":"https:\/\/www.varkim.com.tr\/index.php?rest_route=\/wp\/v2\/pages"}],"about":[{"href":"https:\/\/www.varkim.com.tr\/index.php?rest_route=\/wp\/v2\/types\/page"}],"author":[{"embeddable":true,"href":"https:\/\/www.varkim.com.tr\/index.php?rest_route=\/wp\/v2\/users\/1"}],"replies":[{"embeddable":true,"href":"https:\/\/www.varkim.com.tr\/index.php?rest_route=%2Fwp%2Fv2%2Fcomments&post=4384"}],"version-history":[{"count":7,"href":"https:\/\/www.varkim.com.tr\/index.php?rest_route=\/wp\/v2\/pages\/4384\/revisions"}],"predecessor-version":[{"id":5344,"href":"https:\/\/www.varkim.com.tr\/index.php?rest_route=\/wp\/v2\/pages\/4384\/revisions\/5344"}],"wp:attachment":[{"href":"https:\/\/www.varkim.com.tr\/index.php?rest_route=%2Fwp%2Fv2%2Fmedia&parent=4384"}],"curies":[{"name":"wp","href":"https:\/\/api.w.org\/{rel}","templated":true}]}}