{"id":3030,"date":"2017-02-23T22:45:33","date_gmt":"2017-02-23T20:45:33","guid":{"rendered":"http:\/\/joysistem.net\/demo\/varkim\/?page_id=3030"},"modified":"2018-04-02T16:21:13","modified_gmt":"2018-04-02T13:21:13","slug":"tik-ve-bahce-mobilya-yaglari","status":"publish","type":"page","link":"https:\/\/www.varkim.com.tr\/?page_id=3030","title":{"rendered":"Tik ve Bah\u00e7e Mobilya Ya\u011flar\u0131"},"content":{"rendered":"<h2>T\u0130K VE BAH\u00c7E <strong> MOB\u0130LYA YA\u011eLARI<\/strong><\/h2>\n<p><a href=\"http:\/\/www.varkim.com.tr\/?page_id=4388\"><img loading=\"lazy\" class=\"lazyload size-full wp-image-4915 alignright\" alt=\"boyundiskisiparisver\" data-original=\"http:\/\/www.varkim.com.tr\/wp-content\/uploads\/2018\/02\/boyundiskisiparisver2.png\" width=\"200\" height=\"56\" \/><\/a><\/p>\n<h3><a href=\"http:\/\/www.varkim.com.tr\/?page_id=4388\"><strong>Holz\u00f6l<\/strong><\/a><\/h3>\n<p><iframe loading=\"lazy\" src=\"https:\/\/www.youtube.com\/embed\/qOOHVMijSvQ\" height=\"315\" width=\"560\" allowfullscreen=\"\" frameborder=\"0\"><\/iframe><br \/>\n<em><img class=\"lazyload alignright\" alt=\"Koralan\u00ae Holz\u00f6l\" data-original=\"http:\/\/www.kora-holzschutz.de\/fileadmin\/assets\/produkte\/koralan\/holzoel\/Koralan_holzoel_2_5.jpg\" \/>Su bazl\u0131 ah\u015fap ya\u011f\u0131. Ah\u015fap elementlerde ilk kaplama katman ve bak\u0131m uygulamalar\u0131, \u00f6zellikle sert ah\u015faplarda, i\u00e7 ve d\u0131\u015f mek\u00e2nlarda (\u00f6rn. bah\u00e7e mobilyalar\u0131nda) kullan\u0131m i\u00e7indir. Do\u011fal ya\u011flar i\u00e7erir.\u00a0<strong>DIN EN 71-3 \u201eOyuncak g\u00fcvenli\u011fi\u201d kapsam\u0131nda ba\u015far\u0131yla test edilmi\u015ftir.\u00a0<\/strong><\/em><em>Katk\u0131 maddesi i\u00e7ermez. Ah\u015fap y\u00fczeyleri\u00a0<\/em><em>Hava ko\u015fullar\u0131na (Ya\u011fmur, G\u00fcne\u015f) kar\u015f\u0131 korur. Ah\u015fab\u0131n a\u011farmas\u0131na kar\u015f\u0131 \u00e7ok iyi<\/em><em>koruma sa\u011flar.<\/em><br \/>\n<em>Hava ko\u015fullar\u0131na kar\u015f\u0131 harikulade diren\u00e7li.<\/em><\/p>\n<p><img class=\"lazyload alignleft\" alt=\"\" data-original=\"http:\/\/www.kora-holzschutz.de\/uploads\/tx_wsflexslider\/holzoel03.jpg\" \/><br \/>\n<em>Do\u011fal ya\u011f bazl\u0131 Koralan Holz\u00f6l hava ko\u015fullar\u0131na kar\u015f\u0131 ideal korumas\u0131 ve a\u011farmalara kar\u015f\u0131 ah\u015faba \u00e7ok iyi bir koruma sa\u011flar. Koralan Holz\u00f6l sayesinde ah\u015fap uzun bir s\u00fcre i\u00e7in do\u011fal karakterini korur.<\/em><em>Do\u011fal ya\u011flar ve re\u00e7inelerin kullan\u0131m\u0131 sayesinde tipik ah\u015fap yap\u0131s\u0131 koruyarak, ah\u015fap \u00f6zelliklerini \u00f6n plana \u00e7\u0131kartan ah\u015fap bak\u0131m ya\u011f\u0131d\u0131r. Parke yap\u0131lm\u0131\u015f zemin kaplamalar\u0131nda ve bah\u00e7e mobilyalar\u0131nda ah\u015fab\u0131 korur, soldurmaz. D\u0131\u015f\u00a0<\/em><em>mek\u00e2nlarda<\/em><em>\u00a0ilk uygulamada ah\u015fab\u0131 hava ko\u015fullar\u0131na kar\u015f\u0131 etkili bir \u015fekilde korur.<\/em><\/p>\n<ul>\n<li><em>Su bazl\u0131 k\u00f6t\u00fc hava ko\u015fullar\u0131na kar\u015f\u0131 koruma,\u00a0<\/em><\/li>\n<li><em>Do\u011fal ya\u011f ve re\u00e7ine i\u00e7erir<\/em><\/li>\n<li><em>Y\u00fcksek penetrasyon<\/em><\/li>\n<li><em>Kadifemsi y\u00fczey,<\/em><\/li>\n<li><em>Nem kontroll\u00fc<\/em><\/li>\n<li><em>Ah\u015fap ilk kat ve bak\u0131m uygulamalar\u0131nda ideal<\/em><\/li>\n<li><em>Z\u0131mpara yapmadan \u00fczerine s\u00fcr\u00fclebilirli\u011fi<\/em><\/li>\n<\/ul>\n<p><em><strong>Test edilmi\u015f kullan\u0131m miktar\u0131:<\/strong>120-160 ml\/m2 2 kat uygulamada<\/em><br \/>\n<em><strong>Ambalaj:<\/strong>2,5 Ltr.,ve 10 Ltr.<\/em><\/p>\n<p>Bro\u015f\u00fcr Download<br \/>\n<a title=\"Prospekt Koralan Holz\u00f6l\" href=\"http:\/\/www.kora-holzschutz.de\/pdf\/holzoel.pdf\" target=\"_blank\">PDF-Datei<\/a>\u00a0(1,8 MB)<\/p>\n<table width=\"400\" border=\"0\" cellspacing=\"0\" cellpadding=\"0\">\n<tbody>\n<tr>\n<td width=\"100\"><img class=\"lazyload\" alt=\"UV Natur\" data-original=\"http:\/\/www.kora-holzschutz.de\/fileadmin\/_processed_\/csm_Korala-Holzoel-UVNatur_e634c0f839.jpg\" \/><br \/>\nUV Natur<\/td>\n<td width=\"100\"><img class=\"lazyload\" alt=\"L\u00e4rche\" data-original=\"http:\/\/www.kora-holzschutz.de\/fileadmin\/_processed_\/csm_Korala-Holzoel-Laerche_aedf830550.jpg\" \/><br \/>\nL\u00e4rche<\/td>\n<td width=\"100\"><img class=\"lazyload\" alt=\"Bangkirai\" data-original=\"http:\/\/www.kora-holzschutz.de\/fileadmin\/_processed_\/csm_Korala-Holzoel-Bankirai_9d5e960f8e.jpg\" \/><br \/>\nBangkirai<\/td>\n<td width=\"100\"><img class=\"lazyload\" alt=\"Garapa\" data-original=\"http:\/\/www.kora-holzschutz.de\/fileadmin\/_processed_\/csm_Korala-Holzoel-Garapa_374a86f9fe.jpg\" \/><br \/>\nGarapa<\/td>\n<\/tr>\n<tr>\n<td colspan=\"4\" width=\"400\"><\/td>\n<\/tr>\n<\/tbody>\n<\/table>\n<p>&nbsp;<\/p>\n<h1><strong>Holz\u00f6l Spezial<br \/>\n<\/strong><\/h1>\n<p><iframe loading=\"lazy\" src=\"https:\/\/www.youtube.com\/embed\/lySn0IzJTxk\" height=\"315\" width=\"560\" allowfullscreen=\"\" frameborder=\"0\"><\/iframe><br \/>\n<em>Katk\u0131 madde i\u00e7erikli, su bazl\u0131 ah\u015fap ya\u011f\u0131. A<\/em><em>h\u015fap elementlerin, \u00f6zellikle \u00e7am a\u011fac\u0131ndan (\u00f6rn. bah\u00e7e mobilyalar\u0131n\u0131n, kamelya elementlerinin) d\u0131\u015f alanda korunmas\u0131 ve yine d\u0131\u015f alanlardaki ah\u015faplar\u0131n bak\u0131m\u0131 i\u00e7indir. Katk\u0131 madde i\u00e7erikli astar ve ah\u015fap ya\u011f\u0131 ikisi bir aradad\u0131r.<\/em><em>\u00a0S<\/em><em>u ge\u00e7irmezlik \u00f6zelli\u011fi<\/em><em>\u00a0ve Ah\u015fap\u2019\u0131 tahrip edici, \u00e7\u00fcr\u00fct\u00fcc\u00fc mantarlara, mavile\u015fme ve y\u00fczey k\u00fcflerine kar\u015f\u0131 \u00f6nleyici ve koruyucu etkiye sahiptir.<\/em><em>Ah\u015fab\u0131n a\u011farmas\u0131na grile\u015fmesine kar\u015f\u0131 \u00e7ok iyi bir koruma sa\u011flar.\u00a0<\/em><em>G\u00fcne\u015f ve Ya\u011fmura kar\u015f\u0131 etkin koruma!<br \/>\n<\/em><\/p>\n<h1><strong><img class=\"lazyload alignright\" alt=\"Koralan\u00ae Holz\u00f6l Spezial\" data-original=\"http:\/\/www.kora-holzschutz.de\/fileadmin\/assets\/produkte\/koralan\/holzoelspezial\/Koralan_Holzoelspezial_2_5.jpg\" \/><\/strong><\/h1>\n<p><em><\/em><br \/>\n<em>Koralan \u00f6zel ah\u015fap ya\u011f\u0131 d\u0131\u015f mek\u00e2nlarda i\u011fne yaprakl\u0131 ah\u015fap aksamlardan yap\u0131lm\u0131\u015f olan bah\u00e7e mobilyalar\u0131n ilk ve sonraki uygulamalar\u0131 i\u00e7in ka\u00e7\u0131n\u0131lmaz bir \u00fcr\u00fcnd\u00fcr. Ah\u015fab\u0131n do\u011fal karakterini vurgular. Koralan \u00f6zel ah\u015fap ya\u011f\u0131 hava \u015fartlar\u0131na ve a\u011farmaya kar\u015f\u0131 m\u00fckemmel koruma sa\u011flar.<\/em><em>Yumu\u015fak ah\u015fap aksamlar\u0131n\u0131z i\u00e7in m\u00fckemmel&#8230;<\/em><br \/>\n<em>Do\u011fal ya\u011flar ve re\u00e7ineler ile ah\u015fab\u0131n\u0131z\u0131 korumak bizim i\u015fimizdir.\u00a0<\/em><br \/>\n<em>Mavi leke, \u00e7\u00fcr\u00fcme ve k\u00fcflenmeye kar\u015f\u0131 koruma sa\u011flar.<\/em><\/p>\n<ul>\n<li><em>D\u0131\u015f\u00a0<\/em><em>mek\u00e2nlardaki<\/em><em>\u00a0i\u011fne yaprakl\u0131 ah\u015fap aksamlar i\u00e7in idealdir\u00a0<\/em><\/li>\n<li><em>Hava \u015fartlar\u0131na kar\u015f\u0131 dayan\u0131kl\u0131 ve g\u00fc\u00e7l\u00fcd\u00fcr<\/em><\/li>\n<li><em>Su bazl\u0131d\u0131r<\/em><\/li>\n<li><em>Do\u011fal ya\u011f ve re\u00e7ine i\u00e7erir<\/em><\/li>\n<li><em>\u015eeffaf ve y\u00fcksek penetrasyon \u00f6zelli\u011fine sahiptir<\/em><\/li>\n<li><em>Mavi leke, \u00e7\u00fcr\u00fcme ve k\u00fcflenmeye kar\u015f\u0131 koruma sa\u011flar.<\/em><\/li>\n<li><em>Nem kontroll\u00fc<\/em><\/li>\n<li><em>Kadifemsi y\u00fczey<\/em><strong><\/strong><\/li>\n<\/ul>\n<p><img class=\"lazyload\" alt=\"\" data-original=\"http:\/\/www.kora-holzschutz.de\/uploads\/tx_wsflexslider\/holzoel-spezial03.jpg\" \/><\/p>\n<p><em><strong>Test edilmi\u015f kullan\u0131m miktar\u0131:<\/strong>\u00a0160-180 ml\/m2\u00a0<\/em><br \/>\n<strong>Alman BAuA -Ruhsat No:<\/strong>\u00a0N-18758*<br \/>\n<em><strong>Ambalaj:\u00a0<\/strong>2,5 Ltr.,ve 10 Ltr.\u00a0<\/em><br \/>\n<em>Biozitleri g\u00fcvenli bir\u00a0<\/em><em>\u015f<\/em><em>ekilde kullan\u0131n\u0131z.<\/em><\/p>\n<table width=\"500\" border=\"0\" cellspacing=\"0\" cellpadding=\"0\">\n<tbody>\n<tr>\n<td width=\"100\"><img class=\"lazyload\" alt=\"UV Natur\" data-original=\"http:\/\/www.kora-holzschutz.de\/fileadmin\/_processed_\/csm_Holzoel-Spez-UVNatur_5d6c67e22c.jpg\" \/>UV Natur<\/td>\n<td width=\"100\"><img class=\"lazyload\" alt=\"L\u00e4rche\" data-original=\"http:\/\/www.kora-holzschutz.de\/fileadmin\/_processed_\/csm_Holzoel-Spez-Laerche_3efc6ba9d2.jpg\" \/><br \/>\nL\u00e4rche<\/td>\n<td width=\"100\"><img class=\"lazyload\" alt=\"Kiefer\" data-original=\"http:\/\/www.kora-holzschutz.de\/fileadmin\/_processed_\/csm_Holzoel-Spez-Kiefer_82369a7376.jpg\" \/><br \/>\nKiefer<\/td>\n<td width=\"100\"><img class=\"lazyload\" alt=\"Eiche hell\" data-original=\"http:\/\/www.kora-holzschutz.de\/fileadmin\/_processed_\/csm_Holzoel-Spez-Eiche-hell_ec7f1a09c3.jpg\" \/><br \/>\nEiche hell<\/td>\n<td width=\"100\"><img class=\"lazyload\" alt=\"Bangkirai\" data-original=\"http:\/\/www.kora-holzschutz.de\/fileadmin\/_processed_\/csm_Holzoel-Spez-Bangkirai_9f5da5b521.jpg\" \/><br \/>\nBangkirai<\/td>\n<\/tr>\n<tr>\n<td width=\"100\"><\/td>\n<td width=\"100\"><\/td>\n<td width=\"100\"><\/td>\n<td width=\"100\"><\/td>\n<td width=\"100\"><\/td>\n<\/tr>\n<tr>\n<td width=\"100\"><img class=\"lazyload\" alt=\"Teak\" data-original=\"http:\/\/www.kora-holzschutz.de\/fileadmin\/_processed_\/csm_Holzoel-Spez-Teak_e13bd7642a.jpg\" \/><br \/>\nTeak<\/td>\n<td width=\"100\"><img class=\"lazyload\" alt=\"Tabakbraun\" data-original=\"http:\/\/www.kora-holzschutz.de\/fileadmin\/_processed_\/csm_Holzoel-Spez-Tabakbraun_807d1acfe4.jpg\" \/><br \/>\nTabakbraun<\/td>\n<td width=\"100\"><img class=\"lazyload\" alt=\"Palisander\" data-original=\"http:\/\/www.kora-holzschutz.de\/fileadmin\/_processed_\/csm_Holzoel-Spez-Palisander_c65eace110.jpg\" \/><br \/>\nPalisander<\/td>\n<td width=\"100\"><img class=\"lazyload\" alt=\"Nussbaum\" data-original=\"http:\/\/www.kora-holzschutz.de\/fileadmin\/_processed_\/csm_Holzoel-Spez-Nussbaum_7777039090.jpg\" \/><br \/>\nNussbaum<\/td>\n<td width=\"100\"><img class=\"lazyload\" alt=\"Salzgr\u00fcn\" data-original=\"http:\/\/www.kora-holzschutz.de\/fileadmin\/_processed_\/csm_Holzoel-Spez-Salzgruen_ba19634b04.jpg\" \/><br \/>\nSalzgr\u00fcn<\/td>\n<\/tr>\n<\/tbody>\n<\/table>\n<p>&nbsp;<\/p>\n<p>Bro\u015f\u00fcr Download<br \/>\n<a title=\"Prospekt Koralan Holz\u00f6l Spezial\" href=\"http:\/\/www.kora-holzschutz.de\/pdf\/holzoel_spezial.pdf\" target=\"_blank\">PDF-Datei<\/a>\u00a0(1,8 MB).<\/p>\n","protected":false},"excerpt":{"rendered":"<p>T\u0130K VE BAH\u00c7E MOB\u0130LYA YA\u011eLARI Holz\u00f6l Su bazl\u0131 ah\u015fap ya\u011f\u0131. Ah\u015fap elementlerde ilk kaplama katman ve bak\u0131m uygulamalar\u0131, \u00f6zellikle sert ah\u015faplarda, i\u00e7 ve d\u0131\u015f mek\u00e2nlarda&hellip;<\/p>\n<p><a href=\"https:\/\/www.varkim.com.tr\/?page_id=3030\" class=\"more-link post-excerpt-readmore\">Devam\u0131n\u0131 oku<\/a><\/p>\n","protected":false},"author":1,"featured_media":0,"parent":0,"menu_order":0,"comment_status":"open","ping_status":"open","template":"","meta":[],"_links":{"self":[{"href":"https:\/\/www.varkim.com.tr\/index.php?rest_route=\/wp\/v2\/pages\/3030"}],"collection":[{"href":"https:\/\/www.varkim.com.tr\/index.php?rest_route=\/wp\/v2\/pages"}],"about":[{"href":"https:\/\/www.varkim.com.tr\/index.php?rest_route=\/wp\/v2\/types\/page"}],"author":[{"embeddable":true,"href":"https:\/\/www.varkim.com.tr\/index.php?rest_route=\/wp\/v2\/users\/1"}],"replies":[{"embeddable":true,"href":"https:\/\/www.varkim.com.tr\/index.php?rest_route=%2Fwp%2Fv2%2Fcomments&post=3030"}],"version-history":[{"count":7,"href":"https:\/\/www.varkim.com.tr\/index.php?rest_route=\/wp\/v2\/pages\/3030\/revisions"}],"predecessor-version":[{"id":4980,"href":"https:\/\/www.varkim.com.tr\/index.php?rest_route=\/wp\/v2\/pages\/3030\/revisions\/4980"}],"wp:attachment":[{"href":"https:\/\/www.varkim.com.tr\/index.php?rest_route=%2Fwp%2Fv2%2Fmedia&parent=3030"}],"curies":[{"name":"wp","href":"https:\/\/api.w.org\/{rel}","templated":true}]}}